{"id":7779,"date":"2025-12-18T21:21:22","date_gmt":"2025-12-18T20:21:22","guid":{"rendered":"https:\/\/feuerwehr-holdorf.de\/?page_id=7779"},"modified":"2025-12-18T21:21:22","modified_gmt":"2025-12-18T20:21:22","slug":"einsaetze-ff-holdorf-2026","status":"publish","type":"page","link":"https:\/\/test.feuerwehr-holdorf.de\/?page_id=7779","title":{"rendered":"Eins\u00e4tze FF Holdorf 2026"},"content":{"rendered":"\n<table id=\"tablepress-42\" class=\"tablepress tablepress-id-42\">\n<thead>\n<tr class=\"row-1\">\n\t<th class=\"column-1\">Nr.<\/th><th class=\"column-2\">Datum<\/th><th class=\"column-3\">Zeit<\/th><th class=\"column-4\">Art<\/th><th class=\"column-5\">Einsatz<\/th>\n<\/tr>\n<\/thead>\n<tbody class=\"row-striping row-hover\">\n<tr class=\"row-2\">\n\t<td class=\"column-1\">01<\/td><td class=\"column-2\">01.01.2026<\/td><td class=\"column-3\">00:38<\/td><td class=\"column-4\">Brand<\/td><td class=\"column-5\"><a href=\"https:\/\/feuerwehr-holdorf.de\/?p=7798\">M\u00fclltonnen- u. PKW-Brand, Sonnenbreite<\/a><\/td>\n<\/tr>\n<tr class=\"row-3\">\n\t<td class=\"column-1\">02<\/td><td class=\"column-2\">23.01.2026<\/td><td class=\"column-3\">08:00<\/td><td class=\"column-4\">TH<\/td><td class=\"column-5\">Einsatzbereitschaft aufgrund Extremwetterlage<\/td>\n<\/tr>\n<tr class=\"row-4\">\n\t<td class=\"column-1\">03<\/td><td class=\"column-2\">25.01.2026<\/td><td class=\"column-3\">07:12<\/td><td class=\"column-4\">Brand<\/td><td class=\"column-5\"><a href=\"https:\/\/feuerwehr-holdorf.de\/?p=7811\">TAF-Unterst\u00fctzung bei Gro\u00dfbrand, Minden (NRW)<\/a><\/td>\n<\/tr>\n<tr class=\"row-5\">\n\t<td class=\"column-1\">04<\/td><td class=\"column-2\">28.01.2026<\/td><td class=\"column-3\">20:21<\/td><td class=\"column-4\">TH<\/td><td class=\"column-5\">Anforderung FB E-Mobilit\u00e4t, VU A1 Rtg. OS<\/td>\n<\/tr>\n<tr class=\"row-6\">\n\t<td class=\"column-1\">05<\/td><td class=\"column-2\">30.01.2026<\/td><td class=\"column-3\">16:40<\/td><td class=\"column-4\">TH<\/td><td class=\"column-5\">ELW2-Alarm (Pressesprecher), MANV Vechta-Langf\u00f6rden<\/td>\n<\/tr>\n<tr class=\"row-7\">\n\t<td class=\"column-1\">06<\/td><td class=\"column-2\">08.02.2026<\/td><td class=\"column-3\">00:10<\/td><td class=\"column-4\">Brand<\/td><td class=\"column-5\"><a href=\"https:\/\/www.om-online.de\/om\/naechtlicher-grosseinsatz-der-feuerwehren-in-carum-878243\">Unterst\u00fctzung mit TAF bei Gro\u00dfbrand (Tischlerei), Carum-L\u00fcsche<\/a><\/td>\n<\/tr>\n<tr class=\"row-8\">\n\t<td class=\"column-1\">07<\/td><td class=\"column-2\">08.02.2026<\/td><td class=\"column-3\">11:15<\/td><td class=\"column-4\">BSW<\/td><td class=\"column-5\">Unterst\u00fctzung Feuerwehr Damme , BSW Dammer Carneval<\/td>\n<\/tr>\n<tr class=\"row-9\">\n\t<td class=\"column-1\">08<\/td><td class=\"column-2\">09.02.2026<\/td><td class=\"column-3\">11:15<\/td><td class=\"column-4\">BSW<\/td><td class=\"column-5\">Unterst\u00fctzung Feuerwehr Damme , BSW Dammer Carneval<\/td>\n<\/tr>\n<tr class=\"row-10\">\n\t<td class=\"column-1\">09<\/td><td class=\"column-2\">12.02.2026<\/td><td class=\"column-3\">07:54<\/td><td class=\"column-4\">Brand<\/td><td class=\"column-5\">Gemeldeter PKW-Brand, A1 Rtg. OS<\/td>\n<\/tr>\n<tr class=\"row-11\">\n\t<td class=\"column-1\">10<\/td><td class=\"column-2\">13.02.2026<\/td><td class=\"column-3\">18:36<\/td><td class=\"column-4\">TH<\/td><td class=\"column-5\"><a href=\"https:\/\/feuerwehr-holdorf.de\/?p=7831\">LKW-VU, Lorser Weg <\/a><\/td>\n<\/tr>\n<tr class=\"row-12\">\n\t<td class=\"column-1\">11<\/td><td class=\"column-2\">16.02.2026<\/td><td class=\"column-3\">13:37<\/td><td class=\"column-4\">TH<\/td><td class=\"column-5\">Auslaufende Betriebsstoffe, B214 \/ Steinfelder Str.<\/td>\n<\/tr>\n<tr class=\"row-13\">\n\t<td class=\"column-1\">12<\/td><td class=\"column-2\">25.02.2026<\/td><td class=\"column-3\">12:07<\/td><td class=\"column-4\">Brand<\/td><td class=\"column-5\"><a href=\"https:\/\/feuerwehr-holdorf.de\/?p=7845\">PKW-Brand, Rastanlage Dammer Berge<\/a><\/td>\n<\/tr>\n<tr class=\"row-14\">\n\t<td class=\"column-1\">13<\/td><td class=\"column-2\">30.03.2026<\/td><td class=\"column-3\">13:49<\/td><td class=\"column-4\">Brand<\/td><td class=\"column-5\"><a href=\"https:\/\/feuerwehr-holdorf.de\/?p=7878\">Brand eines Trafohauses, Industriegebiet<\/a><\/td>\n<\/tr>\n<tr class=\"row-15\">\n\t<td class=\"column-1\">14<\/td><td class=\"column-2\">04.04.2026<\/td><td class=\"column-3\">05:51<\/td><td class=\"column-4\">Brand<\/td><td class=\"column-5\"><a href=\"https:\/\/feuerwehr-vechta.de\/einsatzberichte\/lagerhalle-in-vollbrand\/\">ELW2-Alarm (Pressesprecher) \/ Brand Lagerhalle, Vechta<\/a><\/td>\n<\/tr>\n<tr class=\"row-16\">\n\t<td class=\"column-1\">15<\/td><td class=\"column-2\">05.04.2026<\/td><td class=\"column-3\">17:29<\/td><td class=\"column-4\">Brand<\/td><td class=\"column-5\">M\u00fclleimerbrand, Bahnhof Holdorf<\/td>\n<\/tr>\n<tr class=\"row-17\">\n\t<td class=\"column-1\">16<\/td><td class=\"column-2\">13.04.2026<\/td><td class=\"column-3\">21:21<\/td><td class=\"column-4\">TH<\/td><td class=\"column-5\"><a href=\"https:\/\/feuerwehr-holdorf.de\/?p=7894\">Verkehrsunfall, A1 Rtg. Bremen<\/a><\/td>\n<\/tr>\n<tr class=\"row-18\">\n\t<td class=\"column-1\">17<\/td><td class=\"column-2\">21.04.2026<\/td><td class=\"column-3\">15:06<\/td><td class=\"column-4\">Brand<\/td><td class=\"column-5\"><a href=\"https:\/\/feuerwehr-holdorf.de\/?p=7905\">Brand eines Schweinestalls, Gehrder Stra\u00dfe (Fladderlohausen)<\/a><\/td>\n<\/tr>\n<tr class=\"row-19\">\n\t<td class=\"column-1\">18<\/td><td class=\"column-2\">23.04.2026<\/td><td class=\"column-3\">11:32<\/td><td class=\"column-4\">Brand<\/td><td class=\"column-5\"><a href=\"https:\/\/feuerwehr-holdorf.de\/?p=7915\">Anh\u00e4ngerbrand, Ihorst<\/a><\/td>\n<\/tr>\n<tr class=\"row-20\">\n\t<td class=\"column-1\">19<\/td><td class=\"column-2\">25.04.2026<\/td><td class=\"column-3\">12:15<\/td><td class=\"column-4\">BSW<\/td><td class=\"column-5\">Brandwache, IGEHA Holdorf<\/td>\n<\/tr>\n<tr class=\"row-21\">\n\t<td class=\"column-1\">20<\/td><td class=\"column-2\">26.04.2026<\/td><td class=\"column-3\">09:00<\/td><td class=\"column-4\">BSW<\/td><td class=\"column-5\">Brandwache, IGEHA Holdorf<\/td>\n<\/tr>\n<\/tbody>\n<\/table>\n<!-- #tablepress-42 from cache -->\n<p>&nbsp;<\/p>\n<p><em><strong>Erkl\u00e4rung:<br \/>\n<\/strong><\/em>BSW = Brandsicherheitswache<br \/>\nBrand = Brandeinsatz<br \/>\nTH = technische Hilfeleistung<br \/>\nFehl = Fehlalarm<br \/>\nKFB = Einsatz mit der Kreisfeuerwehrbereitschaft<br \/>\nMANV = Massenanfall von Veletzten<\/p>\n","protected":false},"excerpt":{"rendered":"<p>&nbsp; Erkl\u00e4rung: BSW = Brandsicherheitswache Brand = Brandeinsatz TH = technische Hilfeleistung Fehl = Fehlalarm KFB = Einsatz mit der Kreisfeuerwehrbereitschaft MANV = Massenanfall von Veletzten<\/p>\n","protected":false},"author":2,"featured_media":0,"parent":5399,"menu_order":0,"comment_status":"closed","ping_status":"closed","template":"","meta":{"ngg_post_thumbnail":0,"footnotes":""},"class_list":["post-7779","page","type-page","status-publish","hentry"],"_links":{"self":[{"href":"https:\/\/test.feuerwehr-holdorf.de\/index.php?rest_route=\/wp\/v2\/pages\/7779","targetHints":{"allow":["GET"]}}],"collection":[{"href":"https:\/\/test.feuerwehr-holdorf.de\/index.php?rest_route=\/wp\/v2\/pages"}],"about":[{"href":"https:\/\/test.feuerwehr-holdorf.de\/index.php?rest_route=\/wp\/v2\/types\/page"}],"author":[{"embeddable":true,"href":"https:\/\/test.feuerwehr-holdorf.de\/index.php?rest_route=\/wp\/v2\/users\/2"}],"replies":[{"embeddable":true,"href":"https:\/\/test.feuerwehr-holdorf.de\/index.php?rest_route=%2Fwp%2Fv2%2Fcomments&post=7779"}],"version-history":[{"count":1,"href":"https:\/\/test.feuerwehr-holdorf.de\/index.php?rest_route=\/wp\/v2\/pages\/7779\/revisions"}],"predecessor-version":[{"id":7780,"href":"https:\/\/test.feuerwehr-holdorf.de\/index.php?rest_route=\/wp\/v2\/pages\/7779\/revisions\/7780"}],"up":[{"embeddable":true,"href":"https:\/\/test.feuerwehr-holdorf.de\/index.php?rest_route=\/wp\/v2\/pages\/5399"}],"wp:attachment":[{"href":"https:\/\/test.feuerwehr-holdorf.de\/index.php?rest_route=%2Fwp%2Fv2%2Fmedia&parent=7779"}],"curies":[{"name":"wp","href":"https:\/\/api.w.org\/{rel}","templated":true}]}}